{"id":4220,"date":"2022-06-27T09:21:50","date_gmt":"2022-06-27T07:21:50","guid":{"rendered":"http:\/\/hotelelba.youelba.com\/politica-ambientale\/"},"modified":"2024-01-24T12:26:30","modified_gmt":"2024-01-24T11:26:30","slug":"politique-environnementale","status":"publish","type":"page","link":"https:\/\/www.hotelelba.it\/fr\/politique-environnementale\/","title":{"rendered":"Politique environnementale"},"content":{"rendered":"<div class=\"wpb-content-wrapper\"><p>[vc_row full_width=\u00a0\u00bbstretch_row_content_no_spaces\u00a0\u00bb bg_type=\u00a0\u00bbimage\u00a0\u00bb parallax_style=\u00a0\u00bbvcpb-default\u00a0\u00bb bg_image_new=\u00a0\u00bbid^6082|url^https:\/\/www.hotelelba.it\/wp-content\/uploads\/2023\/10\/FB_IMG_1645778075915.jpg|caption^null|alt^null|title^FB_IMG_1645778075915|description^null\u00a0\u00bb bg_image_repeat=\u00a0\u00bbno-repeat\u00a0\u00bb bg_img_attach=\u00a0\u00bbfixed\u00a0\u00bb bg_override=\u00a0\u00bbfull\u00a0\u00bb][vc_column css_animation=\u00a0\u00bbfadeIn\u00a0\u00bb css=\u00a0\u00bb.vc_custom_1656311697974{padding-top: 13% !important;padding-bottom: 11% !important;background-position: center !important;background-repeat: no-repeat !important;background-size: contain !important;}\u00a0\u00bb][vc_empty_space height=\u00a0\u00bb50px\u00a0\u00bb][\/vc_column][\/vc_row][vc_row css=\u00a0\u00bb.vc_custom_1669795321480{padding-top: 30px !important;padding-bottom: 30px !important;}\u00a0\u00bb][vc_column offset=\u00a0\u00bbvc_col-md-offset-3 vc_col-md-6&Prime;][vc_custom_heading text=\u00a0\u00bbPolitique Ecologique\u00a0\u00bb font_container=\u00a0\u00bbtag:h2|font_size:58|text_align:center|line_height:1&Prime; google_fonts=\u00a0\u00bbfont_family:Alex%20Brush%3Aregular|font_style:400%20regular%3A400%3Anormal\u00a0\u00bb][\/vc_column][\/vc_row][vc_row][vc_column][vc_empty_space][vc_column_text]<\/p>\n<p><em>\u00ab Le charme de cette \u00eele nous accompagne chaque jour, moi et ma famille, en commen\u00e7ant par sa merveilleuse nature et la force puissante de la mer, jusqu\u2019aux innombrables plaisirs de la cuisine et \u00e0 l\u2019harmonie que l\u2019on retrouve partout. Ce sont toutes ces choses que nous aimons et que nous cherchons \u00e0 pr\u00e9server du mieux que nous pouvons \u00bb.<\/em><\/p>\n<p>L\u2019amour pour la nature et l\u2019environnement qui nous entoure nous accompagne dans chacune de nos activit\u00e9s. C\u2019est pourquoi nous sommes particuli\u00e8rement attentifs aux normes applicables, et travaillons dans le respect de la l\u00e9gislation environnementale en mettant en \u0153uvre toutes les mesures visant \u00e0 r\u00e9duire la pollution.<\/p>\n<p>De quelle fa\u00e7on?<\/p>\n<ul>\n<li>En contr\u00f4lant constamment les consommations \u00e9nerg\u00e9tiques de toute la structure, en choisissant de remplacer toutes les ampoules par des ampoules \u00e0 \u00e9conomie d\u2019\u00e9nergie;<\/li>\n<li>en produisant l\u2019eau chaude \u00e0 partir de panneaux solaires;<\/li>\n<li>en installant des \u00e9co-mousseurs sur la plupart des robinets et des touches de r\u00e9duction du volume d\u2019eau sur tous les WC;<\/li>\n<li>en limitant l\u2019utilisation des produits \u00e0 usage unique dans les chambres, en rempla\u00e7ant les produits de toilette par des distributeurs de savon et de shampooing;<\/li>\n<li>en \u00e9liminant les emballages mono portion au petit d\u00e9jeuner pour r\u00e9duire la consommation de plastique;<\/li>\n<li>en servant sur nos tables uniquement de l\u2019eau locale provenant de la source Napoleone en bouteille de verre;<\/li>\n<li>en cherchant \u00e0 sensibiliser les personnes au tri s\u00e9lectif dans tous les environnements, avec m\u00eame un bac pour les piles us\u00e9es aupr\u00e8s de la R\u00e9ception, afin de garantir une \u00e9limination correcte des d\u00e9chets;<\/li>\n<li>en essayant de favoriser l\u2019utilisation de produits nettoyants \u00e0 faible impact environnemental;<\/li>\n<li>en essayant d&rsquo;\u00e9liminer les produits emball\u00e9s en portions et en favorisant l\u2019utilisation de r\u00e9cipients en PLA ou ma\u00efs quand ils sont n\u00e9cessaires;<\/li>\n<li>en \u00e9liminant les produits chlor\u00e9s pour la d\u00e9sinfection de la piscine en installant un syst\u00e8me d&rsquo;\u00e9lectrolyse du sel. Le plongeon dans la piscine devient ainsi plus agr\u00e9able et plus respectueux de l\u2019environnement;<\/li>\n<\/ul>\n<p>Nous avons d\u00e9cid\u00e9 d\u2019utiliser au mieux les ressources disponibles, et nous nous y employons jour apr\u00e8s jour afin de constamment nous am\u00e9liorer. Ce sont les petits gestes quotidiens qui font la diff\u00e9rence, et c\u2019est pour cette raison que nous avons d\u00e9cid\u00e9 de les partager avec vous, afin de vivre dans un monde plus soucieux de cet aspect.<\/p>\n<ul>\n<li>\u00e9teignez le climatiseur quand vous ouvrez la fen\u00eatre;<\/li>\n<li>\u00e9teignez les lumi\u00e8res quand celles-ci ne sont pas n\u00e9cessaires;<\/li>\n<li>r\u00e9duisez la consommation d\u2019eau en veillant \u00e0 utiliser la touche de volume r\u00e9duit dans les toilettes;<\/li>\n<li>fermez les robinets pendant que vous vous lavez les dents;<\/li>\n<li>pour les petits d\u00e9placements, r\u00e9duisez l\u2019utilisation de v\u00e9hicules \u00e0 moteur et optez pour les bicyclettes que nous mettons gratuitement \u00e0 votre disposition;<\/li>\n<li>la l\u00e9gislation italienne interdit de fumer dans tous les espaces en commun. Nous vous prions d\u00e8s lors de ne pas fumer dans les chambres et d\u2019utiliser les balcons et les espaces ext\u00e9rieurs;<\/li>\n<li>r\u00e9duisez le lavage inutile des serviettes encore propres, en les r\u00e9utilisant plusieurs fois durant votre s\u00e9jour;<\/li>\n<li>\u00e9teignez la climatisation quand vous ouvrez les fen\u00eatres ou les portes et \u00e9teignez-la quand vous sortez;<\/li>\n<li>r\u00e9duisez l\u2019utilisation des v\u00e9hicules en utilisant les moyens de transport locaux. Vous trouverez les tickets et les horaires \u00e0 la r\u00e9ception. En utilisant des v\u00e9los, par exemple en les louant chez notre loueur conventionn\u00e9;<\/li>\n<\/ul>\n<p>La mer, l\u2019air, la montagne, cette \u00eele toute enti\u00e8re vous remercie de tout c\u0153ur pour votre aimable collaboration!<\/p>\n<p>[\/vc_column_text][\/vc_column][\/vc_row]<\/p>\n<\/div>","protected":false},"excerpt":{"rendered":"<p>[vc_row full_width=\u00a0\u00bbstretch_row_content_no_spaces\u00a0\u00bb bg_type=\u00a0\u00bbimage\u00a0\u00bb parallax_style=\u00a0\u00bbvcpb-default\u00a0\u00bb bg_image_new=\u00a0\u00bbid^6082|url^https:\/\/www.hotelelba.it\/wp-content\/uploads\/2023\/10\/FB_IMG_1645778075915.jpg|caption^null|alt^null|title^FB_IMG_1645778075915|description^null\u00a0\u00bb bg_image_repeat=\u00a0\u00bbno-repeat\u00a0\u00bb bg_img_attach=\u00a0\u00bbfixed\u00a0\u00bb bg_override=\u00a0\u00bbfull\u00a0\u00bb][vc_column css_animation=\u00a0\u00bbfadeIn\u00a0\u00bb css=\u00a0\u00bb.vc_custom_1656311697974{padding-top: 13% !important;padding-bottom: 11% !important;background-position: center !important;background-repeat: no-repeat !important;background-size: contain !important;}\u00a0\u00bb][vc_empty_space height=\u00a0\u00bb50px\u00a0\u00bb][\/vc_column][\/vc_row][vc_row css=\u00a0\u00bb.vc_custom_1669795321480{padding-top: 30px !important;padding-bottom: 30px !important;}\u00a0\u00bb][vc_column offset=\u00a0\u00bbvc_col-md-offset-3 vc_col-md-6&Prime;][vc_custom_heading text=\u00a0\u00bbPolitique Ecologique\u00a0\u00bb font_container=\u00a0\u00bbtag:h2|font_size:58|text_align:center|line_height:1&Prime; google_fonts=\u00a0\u00bbfont_family:Alex%20Brush%3Aregular|font_style:400%20regular%3A400%3Anormal\u00a0\u00bb][\/vc_column][\/vc_row][vc_row][vc_column][vc_empty_space][vc_column_text] \u00ab Le charme de cette \u00eele nous accompagne chaque jour, moi et ma famille, en commen\u00e7ant par sa merveilleuse nature et la force&hellip;<\/p>\n","protected":false},"author":1,"featured_media":0,"parent":0,"menu_order":0,"comment_status":"closed","ping_status":"closed","template":"","meta":{"footnotes":""},"class_list":["post-4220","page","type-page","status-publish","hentry","description-off"],"yoast_head":"<!-- This site is optimized with the Yoast SEO plugin v25.3 - https:\/\/yoast.com\/wordpress\/plugins\/seo\/ -->\n<title>Politique environnementale - Hotel Elba e Residence dei Fiori<\/title>\n<meta name=\"robots\" content=\"index, follow, max-snippet:-1, max-image-preview:large, max-video-preview:-1\" \/>\n<link rel=\"canonical\" href=\"https:\/\/www.hotelelba.it\/fr\/politique-environnementale\/\" \/>\n<meta property=\"og:locale\" content=\"fr_FR\" \/>\n<meta property=\"og:type\" content=\"article\" \/>\n<meta property=\"og:title\" content=\"Politique environnementale - Hotel Elba e Residence dei Fiori\" \/>\n<meta property=\"og:description\" content=\"[vc_row full_width=\u00a0\u00bbstretch_row_content_no_spaces\u00a0\u00bb bg_type=\u00a0\u00bbimage\u00a0\u00bb parallax_style=\u00a0\u00bbvcpb-default\u00a0\u00bb bg_image_new=\u00a0\u00bbid^6082|url^https:\/\/www.hotelelba.it\/wp-content\/uploads\/2023\/10\/FB_IMG_1645778075915.jpg|caption^null|alt^null|title^FB_IMG_1645778075915|description^null\u00a0\u00bb bg_image_repeat=\u00a0\u00bbno-repeat\u00a0\u00bb bg_img_attach=\u00a0\u00bbfixed\u00a0\u00bb bg_override=\u00a0\u00bbfull\u00a0\u00bb][vc_column css_animation=\u00a0\u00bbfadeIn\u00a0\u00bb css=\u00a0\u00bb.vc_custom_1656311697974{padding-top: 13% !important;padding-bottom: 11% !important;background-position: center !important;background-repeat: no-repeat !important;background-size: contain !important;}\u00a0\u00bb][vc_empty_space height=\u00a0\u00bb50px\u00a0\u00bb][\/vc_column][\/vc_row][vc_row css=\u00a0\u00bb.vc_custom_1669795321480{padding-top: 30px !important;padding-bottom: 30px !important;}\u00a0\u00bb][vc_column offset=\u00a0\u00bbvc_col-md-offset-3 vc_col-md-6&Prime;][vc_custom_heading text=\u00a0\u00bbPolitique Ecologique\u00a0\u00bb font_container=\u00a0\u00bbtag:h2|font_size:58|text_align:center|line_height:1&Prime; google_fonts=\u00a0\u00bbfont_family:Alex%20Brush%3Aregular|font_style:400%20regular%3A400%3Anormal\u00a0\u00bb][\/vc_column][\/vc_row][vc_row][vc_column][vc_empty_space][vc_column_text] \u00ab Le charme de cette \u00eele nous accompagne chaque jour, moi et ma famille, en commen\u00e7ant par sa merveilleuse nature et la force&hellip;\" \/>\n<meta property=\"og:url\" content=\"https:\/\/www.hotelelba.it\/fr\/politique-environnementale\/\" \/>\n<meta property=\"og:site_name\" content=\"Hotel Elba e Residence dei Fiori\" \/>\n<meta property=\"article:publisher\" content=\"https:\/\/www.facebook.com\/HotelElbaResidenceDeiFiori\" \/>\n<meta property=\"article:modified_time\" content=\"2024-01-24T11:26:30+00:00\" \/>\n<meta name=\"twitter:card\" content=\"summary_large_image\" \/>\n<meta name=\"twitter:site\" content=\"@ElbaFiori\" \/>\n<meta name=\"twitter:label1\" content=\"Dur\u00e9e de lecture estim\u00e9e\" \/>\n\t<meta name=\"twitter:data1\" content=\"4 minutes\" \/>\n<script type=\"application\/ld+json\" class=\"yoast-schema-graph\">{\"@context\":\"https:\/\/schema.org\",\"@graph\":[{\"@type\":\"WebPage\",\"@id\":\"https:\/\/www.hotelelba.it\/fr\/politique-environnementale\/\",\"url\":\"https:\/\/www.hotelelba.it\/fr\/politique-environnementale\/\",\"name\":\"Politique environnementale - Hotel Elba e Residence dei Fiori\",\"isPartOf\":{\"@id\":\"https:\/\/www.hotelelba.it\/#website\"},\"datePublished\":\"2022-06-27T07:21:50+00:00\",\"dateModified\":\"2024-01-24T11:26:30+00:00\",\"breadcrumb\":{\"@id\":\"https:\/\/www.hotelelba.it\/fr\/politique-environnementale\/#breadcrumb\"},\"inLanguage\":\"fr-FR\",\"potentialAction\":[{\"@type\":\"ReadAction\",\"target\":[\"https:\/\/www.hotelelba.it\/fr\/politique-environnementale\/\"]}]},{\"@type\":\"BreadcrumbList\",\"@id\":\"https:\/\/www.hotelelba.it\/fr\/politique-environnementale\/#breadcrumb\",\"itemListElement\":[{\"@type\":\"ListItem\",\"position\":1,\"name\":\"Home\",\"item\":\"https:\/\/www.hotelelba.it\/fr\/\"},{\"@type\":\"ListItem\",\"position\":2,\"name\":\"Politique environnementale\"}]},{\"@type\":\"WebSite\",\"@id\":\"https:\/\/www.hotelelba.it\/#website\",\"url\":\"https:\/\/www.hotelelba.it\/\",\"name\":\"Hotel Elba e Residence dei Fiori\",\"description\":\"Hotel e Residence a Marina di Campo all&#039;Isola d&#039;Elba\",\"publisher\":{\"@id\":\"https:\/\/www.hotelelba.it\/#organization\"},\"potentialAction\":[{\"@type\":\"SearchAction\",\"target\":{\"@type\":\"EntryPoint\",\"urlTemplate\":\"https:\/\/www.hotelelba.it\/?s={search_term_string}\"},\"query-input\":{\"@type\":\"PropertyValueSpecification\",\"valueRequired\":true,\"valueName\":\"search_term_string\"}}],\"inLanguage\":\"fr-FR\"},{\"@type\":\"Organization\",\"@id\":\"https:\/\/www.hotelelba.it\/#organization\",\"name\":\"Hotel Elba e Residence dei Fiori\",\"url\":\"https:\/\/www.hotelelba.it\/\",\"logo\":{\"@type\":\"ImageObject\",\"inLanguage\":\"fr-FR\",\"@id\":\"https:\/\/www.hotelelba.it\/#\/schema\/logo\/image\/\",\"url\":\"https:\/\/www.hotelelba.it\/wp-content\/uploads\/2022\/06\/Hotel_Elba_2x.png\",\"contentUrl\":\"https:\/\/www.hotelelba.it\/wp-content\/uploads\/2022\/06\/Hotel_Elba_2x.png\",\"width\":360,\"height\":204,\"caption\":\"Hotel Elba e Residence dei Fiori\"},\"image\":{\"@id\":\"https:\/\/www.hotelelba.it\/#\/schema\/logo\/image\/\"},\"sameAs\":[\"https:\/\/www.facebook.com\/HotelElbaResidenceDeiFiori\",\"https:\/\/x.com\/ElbaFiori\",\"https:\/\/www.instagram.com\/hotelelba.residencedeifiori\/\"]}]}<\/script>\n<!-- \/ Yoast SEO plugin. -->","yoast_head_json":{"title":"Politique environnementale - Hotel Elba e Residence dei Fiori","robots":{"index":"index","follow":"follow","max-snippet":"max-snippet:-1","max-image-preview":"max-image-preview:large","max-video-preview":"max-video-preview:-1"},"canonical":"https:\/\/www.hotelelba.it\/fr\/politique-environnementale\/","og_locale":"fr_FR","og_type":"article","og_title":"Politique environnementale - Hotel Elba e Residence dei Fiori","og_description":"[vc_row full_width=\u00a0\u00bbstretch_row_content_no_spaces\u00a0\u00bb bg_type=\u00a0\u00bbimage\u00a0\u00bb parallax_style=\u00a0\u00bbvcpb-default\u00a0\u00bb bg_image_new=\u00a0\u00bbid^6082|url^https:\/\/www.hotelelba.it\/wp-content\/uploads\/2023\/10\/FB_IMG_1645778075915.jpg|caption^null|alt^null|title^FB_IMG_1645778075915|description^null\u00a0\u00bb bg_image_repeat=\u00a0\u00bbno-repeat\u00a0\u00bb bg_img_attach=\u00a0\u00bbfixed\u00a0\u00bb bg_override=\u00a0\u00bbfull\u00a0\u00bb][vc_column css_animation=\u00a0\u00bbfadeIn\u00a0\u00bb css=\u00a0\u00bb.vc_custom_1656311697974{padding-top: 13% !important;padding-bottom: 11% !important;background-position: center !important;background-repeat: no-repeat !important;background-size: contain !important;}\u00a0\u00bb][vc_empty_space height=\u00a0\u00bb50px\u00a0\u00bb][\/vc_column][\/vc_row][vc_row css=\u00a0\u00bb.vc_custom_1669795321480{padding-top: 30px !important;padding-bottom: 30px !important;}\u00a0\u00bb][vc_column offset=\u00a0\u00bbvc_col-md-offset-3 vc_col-md-6&Prime;][vc_custom_heading text=\u00a0\u00bbPolitique Ecologique\u00a0\u00bb font_container=\u00a0\u00bbtag:h2|font_size:58|text_align:center|line_height:1&Prime; google_fonts=\u00a0\u00bbfont_family:Alex%20Brush%3Aregular|font_style:400%20regular%3A400%3Anormal\u00a0\u00bb][\/vc_column][\/vc_row][vc_row][vc_column][vc_empty_space][vc_column_text] \u00ab Le charme de cette \u00eele nous accompagne chaque jour, moi et ma famille, en commen\u00e7ant par sa merveilleuse nature et la force&hellip;","og_url":"https:\/\/www.hotelelba.it\/fr\/politique-environnementale\/","og_site_name":"Hotel Elba e Residence dei Fiori","article_publisher":"https:\/\/www.facebook.com\/HotelElbaResidenceDeiFiori","article_modified_time":"2024-01-24T11:26:30+00:00","twitter_card":"summary_large_image","twitter_site":"@ElbaFiori","twitter_misc":{"Dur\u00e9e de lecture estim\u00e9e":"4 minutes"},"schema":{"@context":"https:\/\/schema.org","@graph":[{"@type":"WebPage","@id":"https:\/\/www.hotelelba.it\/fr\/politique-environnementale\/","url":"https:\/\/www.hotelelba.it\/fr\/politique-environnementale\/","name":"Politique environnementale - Hotel Elba e Residence dei Fiori","isPartOf":{"@id":"https:\/\/www.hotelelba.it\/#website"},"datePublished":"2022-06-27T07:21:50+00:00","dateModified":"2024-01-24T11:26:30+00:00","breadcrumb":{"@id":"https:\/\/www.hotelelba.it\/fr\/politique-environnementale\/#breadcrumb"},"inLanguage":"fr-FR","potentialAction":[{"@type":"ReadAction","target":["https:\/\/www.hotelelba.it\/fr\/politique-environnementale\/"]}]},{"@type":"BreadcrumbList","@id":"https:\/\/www.hotelelba.it\/fr\/politique-environnementale\/#breadcrumb","itemListElement":[{"@type":"ListItem","position":1,"name":"Home","item":"https:\/\/www.hotelelba.it\/fr\/"},{"@type":"ListItem","position":2,"name":"Politique environnementale"}]},{"@type":"WebSite","@id":"https:\/\/www.hotelelba.it\/#website","url":"https:\/\/www.hotelelba.it\/","name":"Hotel Elba e Residence dei Fiori","description":"Hotel e Residence a Marina di Campo all&#039;Isola d&#039;Elba","publisher":{"@id":"https:\/\/www.hotelelba.it\/#organization"},"potentialAction":[{"@type":"SearchAction","target":{"@type":"EntryPoint","urlTemplate":"https:\/\/www.hotelelba.it\/?s={search_term_string}"},"query-input":{"@type":"PropertyValueSpecification","valueRequired":true,"valueName":"search_term_string"}}],"inLanguage":"fr-FR"},{"@type":"Organization","@id":"https:\/\/www.hotelelba.it\/#organization","name":"Hotel Elba e Residence dei Fiori","url":"https:\/\/www.hotelelba.it\/","logo":{"@type":"ImageObject","inLanguage":"fr-FR","@id":"https:\/\/www.hotelelba.it\/#\/schema\/logo\/image\/","url":"https:\/\/www.hotelelba.it\/wp-content\/uploads\/2022\/06\/Hotel_Elba_2x.png","contentUrl":"https:\/\/www.hotelelba.it\/wp-content\/uploads\/2022\/06\/Hotel_Elba_2x.png","width":360,"height":204,"caption":"Hotel Elba e Residence dei Fiori"},"image":{"@id":"https:\/\/www.hotelelba.it\/#\/schema\/logo\/image\/"},"sameAs":["https:\/\/www.facebook.com\/HotelElbaResidenceDeiFiori","https:\/\/x.com\/ElbaFiori","https:\/\/www.instagram.com\/hotelelba.residencedeifiori\/"]}]}},"_links":{"self":[{"href":"https:\/\/www.hotelelba.it\/fr\/wp-json\/wp\/v2\/pages\/4220"}],"collection":[{"href":"https:\/\/www.hotelelba.it\/fr\/wp-json\/wp\/v2\/pages"}],"about":[{"href":"https:\/\/www.hotelelba.it\/fr\/wp-json\/wp\/v2\/types\/page"}],"author":[{"embeddable":true,"href":"https:\/\/www.hotelelba.it\/fr\/wp-json\/wp\/v2\/users\/1"}],"replies":[{"embeddable":true,"href":"https:\/\/www.hotelelba.it\/fr\/wp-json\/wp\/v2\/comments?post=4220"}],"version-history":[{"count":4,"href":"https:\/\/www.hotelelba.it\/fr\/wp-json\/wp\/v2\/pages\/4220\/revisions"}],"predecessor-version":[{"id":7398,"href":"https:\/\/www.hotelelba.it\/fr\/wp-json\/wp\/v2\/pages\/4220\/revisions\/7398"}],"wp:attachment":[{"href":"https:\/\/www.hotelelba.it\/fr\/wp-json\/wp\/v2\/media?parent=4220"}],"curies":[{"name":"wp","href":"https:\/\/api.w.org\/{rel}","templated":true}]}}